{"version":"1.0","provider_name":"ANOUMABO.COM","provider_url":"https:\/\/anoumabo.ci\/fr","author_name":"adminanoumabo","author_url":"https:\/\/anoumabo.ci\/fr\/author\/adminanoumabo\/","title":"Pr\u00e9sentation du film La R\u00e9volte des Abbeys - ANOUMABO.COM","type":"rich","width":600,"height":338,"html":"<blockquote class=\"wp-embedded-content\" data-secret=\"4TKXTOOdoe\"><a href=\"https:\/\/anoumabo.ci\/fr\/presentation-du-film-la-revolte-des-abbeys\/\">Pr\u00e9sentation du film La R\u00e9volte des Abbeys<\/a><\/blockquote><iframe sandbox=\"allow-scripts\" security=\"restricted\" src=\"https:\/\/anoumabo.ci\/fr\/presentation-du-film-la-revolte-des-abbeys\/embed\/#?secret=4TKXTOOdoe\" width=\"600\" height=\"338\" title=\"\u00ab\u00a0Pr\u00e9sentation du film La R\u00e9volte des Abbeys\u00a0\u00bb &#8212; ANOUMABO.COM\" data-secret=\"4TKXTOOdoe\" frameborder=\"0\" marginwidth=\"0\" marginheight=\"0\" scrolling=\"no\" class=\"wp-embedded-content\"><\/iframe><script type=\"text\/javascript\">\n\/* <![CDATA[ *\/\n\/*! This file is auto-generated *\/\n!function(d,l){\"use strict\";l.querySelector&&d.addEventListener&&\"undefined\"!=typeof URL&&(d.wp=d.wp||{},d.wp.receiveEmbedMessage||(d.wp.receiveEmbedMessage=function(e){var t=e.data;if((t||t.secret||t.message||t.value)&&!\/[^a-zA-Z0-9]\/.test(t.secret)){for(var s,r,n,a=l.querySelectorAll('iframe[data-secret=\"'+t.secret+'\"]'),o=l.querySelectorAll('blockquote[data-secret=\"'+t.secret+'\"]'),c=new RegExp(\"^https?:$\",\"i\"),i=0;i<o.length;i++)o[i].style.display=\"none\";for(i=0;i<a.length;i++)s=a[i],e.source===s.contentWindow&&(s.removeAttribute(\"style\"),\"height\"===t.message?(1e3<(r=parseInt(t.value,10))?r=1e3:~~r<200&&(r=200),s.height=r):\"link\"===t.message&&(r=new URL(s.getAttribute(\"src\")),n=new URL(t.value),c.test(n.protocol))&&n.host===r.host&&l.activeElement===s&&(d.top.location.href=t.value))}},d.addEventListener(\"message\",d.wp.receiveEmbedMessage,!1),l.addEventListener(\"DOMContentLoaded\",function(){for(var e,t,s=l.querySelectorAll(\"iframe.wp-embedded-content\"),r=0;r<s.length;r++)(t=(e=s[r]).getAttribute(\"data-secret\"))||(t=Math.random().toString(36).substring(2,12),e.src+=\"#?secret=\"+t,e.setAttribute(\"data-secret\",t)),e.contentWindow.postMessage({message:\"ready\",secret:t},\"*\")},!1)))}(window,document);\n\/* ]]> *\/\n<\/script>\n","thumbnail_url":"https:\/\/anoumabo.ci\/fr\/wp-content\/uploads\/2020\/08\/FB_IMG_1597610549178.jpg","thumbnail_width":720,"thumbnail_height":461,"description":"Le film retra\u00e7ant la triste histoire des ABBEYS, LA R\u00c9VOLTE DES ABBEYS\u00a0 \u00e0 \u00e9t\u00e9 pr\u00e9sent\u00e9 ce mercredi 12 Ao\u00fbt \u00e0 la presse nationale et internationale. Pendant 52min les journalistes pr\u00e9sents dans la salle ont pu appr\u00e9cier cette oeuvre cin\u00e9matographique r\u00e9alis\u00e9e par deux jeunes cin\u00e9astes serge Kouakou et Herman N&rsquo;guessan. Tourn\u00e9..."}