{"version":"1.0","provider_name":"ANOUMABO.COM","provider_url":"https:\/\/anoumabo.ci\/fr","author_name":"Dekouassi Akina","author_url":"https:\/\/anoumabo.ci\/fr\/author\/akina\/","title":"Politique : Les d\u00e9put\u00e9s suppl\u00e9ants r\u00e9clament un statut juridique - ANOUMABO.COM","type":"rich","width":600,"height":338,"html":"<blockquote class=\"wp-embedded-content\" data-secret=\"5BVxMC1IEL\"><a href=\"https:\/\/anoumabo.ci\/fr\/politique-les-deputes-suppleants-reclament-un-statut-juridique\/\">Politique : Les d\u00e9put\u00e9s suppl\u00e9ants r\u00e9clament un statut juridique<\/a><\/blockquote><iframe sandbox=\"allow-scripts\" security=\"restricted\" src=\"https:\/\/anoumabo.ci\/fr\/politique-les-deputes-suppleants-reclament-un-statut-juridique\/embed\/#?secret=5BVxMC1IEL\" width=\"600\" height=\"338\" title=\"\u00ab\u00a0Politique : Les d\u00e9put\u00e9s suppl\u00e9ants r\u00e9clament un statut juridique\u00a0\u00bb &#8212; ANOUMABO.COM\" data-secret=\"5BVxMC1IEL\" frameborder=\"0\" marginwidth=\"0\" marginheight=\"0\" scrolling=\"no\" class=\"wp-embedded-content\"><\/iframe><script type=\"text\/javascript\">\n\/* <![CDATA[ *\/\n\/*! This file is auto-generated *\/\n!function(d,l){\"use strict\";l.querySelector&&d.addEventListener&&\"undefined\"!=typeof URL&&(d.wp=d.wp||{},d.wp.receiveEmbedMessage||(d.wp.receiveEmbedMessage=function(e){var t=e.data;if((t||t.secret||t.message||t.value)&&!\/[^a-zA-Z0-9]\/.test(t.secret)){for(var s,r,n,a=l.querySelectorAll('iframe[data-secret=\"'+t.secret+'\"]'),o=l.querySelectorAll('blockquote[data-secret=\"'+t.secret+'\"]'),c=new RegExp(\"^https?:$\",\"i\"),i=0;i<o.length;i++)o[i].style.display=\"none\";for(i=0;i<a.length;i++)s=a[i],e.source===s.contentWindow&&(s.removeAttribute(\"style\"),\"height\"===t.message?(1e3<(r=parseInt(t.value,10))?r=1e3:~~r<200&&(r=200),s.height=r):\"link\"===t.message&&(r=new URL(s.getAttribute(\"src\")),n=new URL(t.value),c.test(n.protocol))&&n.host===r.host&&l.activeElement===s&&(d.top.location.href=t.value))}},d.addEventListener(\"message\",d.wp.receiveEmbedMessage,!1),l.addEventListener(\"DOMContentLoaded\",function(){for(var e,t,s=l.querySelectorAll(\"iframe.wp-embedded-content\"),r=0;r<s.length;r++)(t=(e=s[r]).getAttribute(\"data-secret\"))||(t=Math.random().toString(36).substring(2,12),e.src+=\"#?secret=\"+t,e.setAttribute(\"data-secret\",t)),e.contentWindow.postMessage({message:\"ready\",secret:t},\"*\")},!1)))}(window,document);\n\/* ]]> *\/\n<\/script>\n","thumbnail_url":"https:\/\/anoumabo.ci\/fr\/wp-content\/uploads\/2024\/12\/assemblee-nationale-cote-d-ivoire.jpg","thumbnail_width":800,"thumbnail_height":530,"description":"Lors d\u2019une conf\u00e9rence de presse tenue par le collectif des d\u00e9put\u00e9s suppl\u00e9ants, ces derniers ont exprim\u00e9 leur m\u00e9contentement face \u00e0 l\u2019absence de reconnaissance juridique et d\u2019avantages associ\u00e9s \u00e0 leurs fonctions. Le d\u00e9put\u00e9 suppl\u00e9ant Amani Stan Evariste a plaid\u00e9 en faveur de la mise en application des r\u00e9solutions de l\u2019Assembl\u00e9e parlementaire..."}